{"id":750,"date":"2021-06-21T15:01:55","date_gmt":"2021-06-21T15:01:55","guid":{"rendered":"http:\/\/www.atrobles.es\/?page_id=750"},"modified":"2021-07-02T09:19:30","modified_gmt":"2021-07-02T09:19:30","slug":"historia","status":"publish","type":"page","link":"https:\/\/www.atrobles.es\/?page_id=750","title":{"rendered":"HISTORIA"},"content":{"rendered":"<p>[et_pb_section fb_built=\u00bb1&#8243; _builder_version=\u00bb4.9.7&#8243; _module_preset=\u00bbdefault\u00bb custom_margin=\u00bb||-207px|||\u00bb custom_padding=\u00bb48px||0px|||\u00bb][\/et_pb_section][et_pb_section fb_built=\u00bb1&#8243; fullwidth=\u00bbon\u00bb _builder_version=\u00bb4.9.7&#8243; _module_preset=\u00bbdefault\u00bb background_color=\u00bb#8F8F8F\u00bb background_image=\u00bbhttp:\/\/www.atrobles.es\/wp-content\/uploads\/2021\/07\/HISTORIA.jpg\u00bb background_blend=\u00bbmultiply\u00bb custom_margin=\u00bb-130px|||||\u00bb][et_pb_fullwidth_slider _builder_version=\u00bb4.9.7&#8243; _module_preset=\u00bbdefault\u00bb min_height=\u00bb229px\u00bb custom_margin=\u00bb160px|||||\u00bb custom_padding=\u00bb155px||164px|||\u00bb][et_pb_slide heading=\u00bbHISTORIA\u00bb _builder_version=\u00bb4.9.7&#8243; _module_preset=\u00bbdefault\u00bb header_font=\u00bb|700|||||||\u00bb background_color=\u00bbRGBA(0,0,0,0)\u00bb background_enable_color=\u00bbon\u00bb background_enable_image=\u00bboff\u00bb background_position=\u00bbbottom_center\u00bb header_font_size_tablet=\u00bb50px\u00bb header_font_size_phone=\u00bb50px\u00bb header_font_size_last_edited=\u00bbon|tablet\u00bb sticky_transition=\u00bbon\u00bb][\/et_pb_slide][\/et_pb_fullwidth_slider][\/et_pb_section][et_pb_section fb_built=\u00bb1&#8243; _builder_version=\u00bb4.9.7&#8243; _module_preset=\u00bbdefault\u00bb][et_pb_row _builder_version=\u00bb4.9.7&#8243; _module_preset=\u00bbdefault\u00bb][et_pb_column type=\u00bb4_4&#8243; _builder_version=\u00bb4.9.7&#8243; _module_preset=\u00bbdefault\u00bb][et_pb_text _builder_version=\u00bb4.9.7&#8243; _module_preset=\u00bbdefault\u00bb header_4_line_height=\u00bb1.3em\u00bb]<\/p>\n<h4 class=\"p1\" style=\"text-align: justify;\">Somos una empresa familiar creada en Lleida, con m\u00e1s de 50 a\u00f1os de experiencia en el transporte de mercanc\u00edas por carretera.<\/h4>\n<h4 class=\"p2\" style=\"text-align: justify;\"><\/h4>\n<h4 class=\"p1\" style=\"text-align: justify;\">Desde nuestros inicios hemos apostado por un servicio de m\u00e1xima calidad, garantizando siempre las condiciones \u00f3ptimas de la mercanc\u00eda. Por ello, nos hemos ido adapt\u00e1ndonos a las necesidades de los clientes y del mercado desarrollando un amplio abanico de soluciones log\u00edsticas innovadoras con gran implicaci\u00f3n tecnol\u00f3gica.<\/h4>\n<p>[\/et_pb_text][\/et_pb_column][\/et_pb_row][\/et_pb_section][et_pb_section fb_built=\u00bb1&#8243; _builder_version=\u00bb4.9.7&#8243; _module_preset=\u00bbdefault\u00bb custom_margin=\u00bb0px|0px|0px|0px|false|false\u00bb custom_padding=\u00bb0px|0px|0px|0px|false|false\u00bb][et_pb_row _builder_version=\u00bb4.9.7&#8243; _module_preset=\u00bbdefault\u00bb][et_pb_column type=\u00bb4_4&#8243; _builder_version=\u00bb4.9.7&#8243; _module_preset=\u00bbdefault\u00bb][et_pb_divider divider_weight=\u00bb4px\u00bb _builder_version=\u00bb4.9.7&#8243; _module_preset=\u00bbdefault\u00bb][\/et_pb_divider][\/et_pb_column][\/et_pb_row][\/et_pb_section][et_pb_section fb_built=\u00bb1&#8243; _builder_version=\u00bb4.9.7&#8243; _module_preset=\u00bbdefault\u00bb][et_pb_row _builder_version=\u00bb4.9.7&#8243; _module_preset=\u00bbdefault\u00bb][et_pb_column type=\u00bb4_4&#8243; _builder_version=\u00bb4.9.7&#8243; _module_preset=\u00bbdefault\u00bb][et_pb_text _builder_version=\u00bb4.9.7&#8243; _module_preset=\u00bbdefault\u00bb]<\/p>\n<h4><span style=\"color: #ff6600;\"><strong>1964 |<\/strong><\/span> Obtenci\u00f3n de la licencia de agencia de transportes por Miguel Robles<\/h4>\n<h4><span style=\"color: #ff6600;\"><strong>1985 <\/strong><strong>|<\/strong><\/span><strong><\/strong>\u00a0Constituci\u00f3n de la sociedad an\u00f3nima<\/h4>\n<h4><span style=\"color: #ff6600;\"><strong>1987 |<\/strong><\/span>\u00a0Compra del primer veh\u00edculo frigor\u00ed\ufb01co articulado<\/h4>\n<h4><strong><span style=\"color: #ff6600;\">2001 |<\/span><\/strong> Construcci\u00f3n de las instalaciones en Pol\u00edgono dels Frares en Lleida<\/h4>\n<h4><span style=\"color: #ff6600;\"><strong>2016 |<\/strong><\/span> La tercera generaci\u00f3n entra en el accionariado<\/h4>\n<h4><span style=\"color: #ff6600;\"><strong>2017 |<\/strong><\/span> Compra del primer veh\u00edculo r\u00edgido de Gas Natural<\/h4>\n<h4><span style=\"color: #ff6600;\"><strong>2018 |<\/strong><\/span> Cambio del modelo de negocio<\/h4>\n<h4 class=\"p1\"><strong><span style=\"color: #ff6600;\">2019 |<\/span><\/strong> Nombramiento de Albert Esteve Robles como director general<\/h4>\n<p>[\/et_pb_text][\/et_pb_column][\/et_pb_row][\/et_pb_section][et_pb_section fb_built=\u00bb1&#8243; _builder_version=\u00bb4.9.7&#8243; _module_preset=\u00bbdefault\u00bb][et_pb_row _builder_version=\u00bb4.9.7&#8243; _module_preset=\u00bbdefault\u00bb][et_pb_column type=\u00bb4_4&#8243; _builder_version=\u00bb4.9.7&#8243; _module_preset=\u00bbdefault\u00bb][et_pb_gallery gallery_ids=\u00bb898,899,900,895,894,897,896,1055&#8243; fullwidth=\u00bbon\u00bb _builder_version=\u00bb4.9.7&#8243; _module_preset=\u00bbdefault\u00bb hover_enabled=\u00bb0&#8243; sticky_enabled=\u00bb0&#8243;][\/et_pb_gallery][\/et_pb_column][\/et_pb_row][\/et_pb_section][et_pb_section fb_built=\u00bb1&#8243; _builder_version=\u00bb4.9.7&#8243; _module_preset=\u00bbdefault\u00bb][et_pb_row column_structure=\u00bb2_5,3_5&#8243; _builder_version=\u00bb4.9.7&#8243; _module_preset=\u00bbdefault\u00bb][et_pb_column type=\u00bb2_5&#8243; _builder_version=\u00bb4.9.7&#8243; _module_preset=\u00bbdefault\u00bb][et_pb_image src=\u00bbhttp:\/\/www.atrobles.es\/wp-content\/uploads\/2021\/06\/ROBLES-mapa.jpg\u00bb title_text=\u00bbROBLES-mapa\u00bb _builder_version=\u00bb4.9.7&#8243; _module_preset=\u00bbdefault\u00bb][\/et_pb_image][\/et_pb_column][et_pb_column type=\u00bb3_5&#8243; _builder_version=\u00bb4.9.7&#8243; _module_preset=\u00bbdefault\u00bb][et_pb_text _builder_version=\u00bb4.9.7&#8243; _module_preset=\u00bbdefault\u00bb header_4_line_height=\u00bb1.3em\u00bb custom_margin=\u00bb88px|||||\u00bb]<\/p>\n<h4>En la actualidad trabajamos diariamente para garantizar un servicio de calidad para nuestros clientes en todo el territorio nacional y centralizados en Catalunya, Comunidad Valenciana y Arag\u00f3n.<\/h4>\n<p>[\/et_pb_text][\/et_pb_column][\/et_pb_row][\/et_pb_section][et_pb_section fb_built=\u00bb1&#8243; _builder_version=\u00bb4.9.7&#8243; _module_preset=\u00bbdefault\u00bb][et_pb_row column_structure=\u00bb1_3,1_3,1_3&#8243; _builder_version=\u00bb4.9.7&#8243; _module_preset=\u00bbdefault\u00bb][et_pb_column type=\u00bb1_3&#8243; _builder_version=\u00bb4.9.7&#8243; _module_preset=\u00bbdefault\u00bb][et_pb_image src=\u00bbhttp:\/\/www.atrobles.es\/wp-content\/uploads\/2021\/06\/ROBLES-icon1-1.png\u00bb title_text=\u00bbROBLES-icon1&#8243; align=\u00bbcenter\u00bb _builder_version=\u00bb4.9.7&#8243; _module_preset=\u00bbdefault\u00bb][\/et_pb_image][et_pb_text _builder_version=\u00bb4.9.7&#8243; _module_preset=\u00bbdefault\u00bb]<\/p>\n<h3 style=\"text-align: center;\"><strong>MISI\u00d3N<\/strong><\/h3>\n<p style=\"text-align: center;\">Ofrecer servicios de transporte de calidad, adaptado a las necesidades actuales del cliente y el entorno.<\/p>\n<p>[\/et_pb_text][\/et_pb_column][et_pb_column type=\u00bb1_3&#8243; _builder_version=\u00bb4.9.7&#8243; _module_preset=\u00bbdefault\u00bb][et_pb_image src=\u00bbhttp:\/\/www.atrobles.es\/wp-content\/uploads\/2021\/06\/ROBLES-icon2-1.png\u00bb title_text=\u00bbROBLES-icon2&#8243; align=\u00bbcenter\u00bb _builder_version=\u00bb4.9.7&#8243; _module_preset=\u00bbdefault\u00bb][\/et_pb_image][et_pb_text _builder_version=\u00bb4.9.7&#8243; _module_preset=\u00bbdefault\u00bb]<\/p>\n<h3 style=\"text-align: center;\"><strong>VISI\u00d3N<\/strong><\/h3>\n<p style=\"text-align: center;\">Contribuir a una cadena agroalimentaria sostenible minimizando el impacto del transporte en la sociedad con la satisfacci\u00f3n del cliente como objetivo.<\/p>\n<p>[\/et_pb_text][\/et_pb_column][et_pb_column type=\u00bb1_3&#8243; _builder_version=\u00bb4.9.7&#8243; _module_preset=\u00bbdefault\u00bb][et_pb_image src=\u00bbhttp:\/\/www.atrobles.es\/wp-content\/uploads\/2021\/06\/ROBLES-icon3-1.png\u00bb title_text=\u00bbROBLES-icon3&#8243; align=\u00bbcenter\u00bb _builder_version=\u00bb4.9.7&#8243; _module_preset=\u00bbdefault\u00bb][\/et_pb_image][et_pb_text _builder_version=\u00bb4.9.7&#8243; _module_preset=\u00bbdefault\u00bb]<\/p>\n<h3 style=\"text-align: center;\"><strong>VALORES<\/strong><\/h3>\n<p style=\"text-align: center;\">Compromiso, esfuerzo, trabajo en equipo, transparencia e innovaci\u00f3n.<\/p>\n<p>[\/et_pb_text][\/et_pb_column][\/et_pb_row][\/et_pb_section]<\/p>\n","protected":false},"excerpt":{"rendered":"<p>[et_pb_section fb_built=\u00bb1&#8243; _builder_version=\u00bb4.9.7&#8243; _module_preset=\u00bbdefault\u00bb custom_margin=\u00bb||-207px|||\u00bb custom_padding=\u00bb48px||0px|||\u00bb][\/et_pb_section][et_pb_section fb_built=\u00bb1&#8243; fullwidth=\u00bbon\u00bb _builder_version=\u00bb4.9.7&#8243; _module_preset=\u00bbdefault\u00bb background_color=\u00bb#8F8F8F\u00bb background_image=\u00bbhttp:\/\/www.atrobles.es\/wp-content\/uploads\/2021\/07\/HISTORIA.jpg\u00bb background_blend=\u00bbmultiply\u00bb custom_margin=\u00bb-130px|||||\u00bb][et_pb_fullwidth_slider _builder_version=\u00bb4.9.7&#8243; _module_preset=\u00bbdefault\u00bb min_height=\u00bb229px\u00bb custom_margin=\u00bb160px|||||\u00bb custom_padding=\u00bb155px||164px|||\u00bb][et_pb_slide heading=\u00bbHISTORIA\u00bb _builder_version=\u00bb4.9.7&#8243; _module_preset=\u00bbdefault\u00bb header_font=\u00bb|700|||||||\u00bb background_color=\u00bbRGBA(0,0,0,0)\u00bb background_enable_color=\u00bbon\u00bb background_enable_image=\u00bboff\u00bb background_position=\u00bbbottom_center\u00bb header_font_size_tablet=\u00bb50px\u00bb header_font_size_phone=\u00bb50px\u00bb header_font_size_last_edited=\u00bbon|tablet\u00bb sticky_transition=\u00bbon\u00bb][\/et_pb_slide][\/et_pb_fullwidth_slider][\/et_pb_section][et_pb_section fb_built=\u00bb1&#8243; _builder_version=\u00bb4.9.7&#8243; _module_preset=\u00bbdefault\u00bb][et_pb_row _builder_version=\u00bb4.9.7&#8243; _module_preset=\u00bbdefault\u00bb][et_pb_column type=\u00bb4_4&#8243; _builder_version=\u00bb4.9.7&#8243; _module_preset=\u00bbdefault\u00bb][et_pb_text _builder_version=\u00bb4.9.7&#8243; _module_preset=\u00bbdefault\u00bb header_4_line_height=\u00bb1.3em\u00bb] Somos una empresa familiar creada en Lleida, con m\u00e1s de 50 a\u00f1os de [&hellip;]<\/p>\n","protected":false},"author":2,"featured_media":0,"parent":0,"menu_order":0,"comment_status":"closed","ping_status":"closed","template":"","meta":{"_et_pb_use_builder":"on","_et_pb_old_content":"","_et_gb_content_width":""},"_links":{"self":[{"href":"https:\/\/www.atrobles.es\/index.php?rest_route=\/wp\/v2\/pages\/750"}],"collection":[{"href":"https:\/\/www.atrobles.es\/index.php?rest_route=\/wp\/v2\/pages"}],"about":[{"href":"https:\/\/www.atrobles.es\/index.php?rest_route=\/wp\/v2\/types\/page"}],"author":[{"embeddable":true,"href":"https:\/\/www.atrobles.es\/index.php?rest_route=\/wp\/v2\/users\/2"}],"replies":[{"embeddable":true,"href":"https:\/\/www.atrobles.es\/index.php?rest_route=%2Fwp%2Fv2%2Fcomments&post=750"}],"version-history":[{"count":19,"href":"https:\/\/www.atrobles.es\/index.php?rest_route=\/wp\/v2\/pages\/750\/revisions"}],"predecessor-version":[{"id":1056,"href":"https:\/\/www.atrobles.es\/index.php?rest_route=\/wp\/v2\/pages\/750\/revisions\/1056"}],"wp:attachment":[{"href":"https:\/\/www.atrobles.es\/index.php?rest_route=%2Fwp%2Fv2%2Fmedia&parent=750"}],"curies":[{"name":"wp","href":"https:\/\/api.w.org\/{rel}","templated":true}]}}